{"id":39983,"date":"2018-07-17T14:14:22","date_gmt":"2018-07-17T12:14:22","guid":{"rendered":"https:\/\/iqri.org\/nachrichten\/"},"modified":"2026-03-26T14:03:05","modified_gmt":"2026-03-26T13:03:05","slug":"nachrichten","status":"publish","type":"page","link":"https:\/\/iqri.org\/de\/nachrichten\/","title":{"rendered":"Nachrichten"},"content":{"rendered":"\t\t<div data-elementor-type=\"wp-post\" data-elementor-id=\"39983\" class=\"elementor elementor-39983 elementor-28865\" data-elementor-post-type=\"page\">\n\t\t\t\t<div class=\"elementor-element elementor-element-16bee3b e-flex e-con-boxed e-con e-parent\" data-id=\"16bee3b\" data-element_type=\"container\" data-e-type=\"container\">\n\t\t\t\t\t<div class=\"e-con-inner\">\n\t\t\t\t<div class=\"elementor-element elementor-element-eef1333 elementor-widget elementor-widget-heading\" data-id=\"eef1333\" data-element_type=\"widget\" data-e-type=\"widget\" data-widget_type=\"heading.default\">\n\t\t\t\t<div class=\"elementor-widget-container\">\n\t\t\t\t\t<h2 class=\"elementor-heading-title elementor-size-default\">Nachrichten<\/h2>\t\t\t\t<\/div>\n\t\t\t\t<\/div>\n\t\t\t\t<div class=\"elementor-element elementor-element-4e6ddd5 elementor-widget elementor-widget-jet-listing-grid\" data-id=\"4e6ddd5\" data-element_type=\"widget\" data-e-type=\"widget\" data-settings=\"{&quot;columns&quot;:&quot;2&quot;}\" data-widget_type=\"jet-listing-grid.default\">\n\t\t\t\t<div class=\"elementor-widget-container\">\n\t\t\t\t\t<div class=\"jet-listing-grid jet-listing\"><div class=\"jet-listing-grid__items grid-col-desk-2 grid-col-tablet-2 grid-col-mobile-2 jet-listing-grid--38754\" data-queried-id=\"39983|WP_Post\" data-nav=\"{&quot;enabled&quot;:false,&quot;type&quot;:null,&quot;more_el&quot;:null,&quot;query&quot;:[],&quot;widget_settings&quot;:{&quot;lisitng_id&quot;:38754,&quot;posts_num&quot;:8,&quot;columns&quot;:2,&quot;columns_tablet&quot;:2,&quot;columns_mobile&quot;:2,&quot;column_min_width&quot;:240,&quot;column_min_width_tablet&quot;:240,&quot;column_min_width_mobile&quot;:240,&quot;inline_columns_css&quot;:false,&quot;is_archive_template&quot;:&quot;&quot;,&quot;post_status&quot;:[&quot;publish&quot;],&quot;use_random_posts_num&quot;:&quot;&quot;,&quot;max_posts_num&quot;:9,&quot;not_found_message&quot;:&quot;No data was found&quot;,&quot;is_masonry&quot;:false,&quot;equal_columns_height&quot;:&quot;&quot;,&quot;use_load_more&quot;:&quot;&quot;,&quot;load_more_id&quot;:&quot;&quot;,&quot;load_more_type&quot;:&quot;click&quot;,&quot;load_more_offset&quot;:null,&quot;use_custom_post_types&quot;:&quot;&quot;,&quot;custom_post_types&quot;:[],&quot;hide_widget_if&quot;:&quot;&quot;,&quot;carousel_enabled&quot;:&quot;&quot;,&quot;slides_to_scroll&quot;:&quot;1&quot;,&quot;arrows&quot;:&quot;true&quot;,&quot;arrow_icon&quot;:&quot;fa fa-angle-left&quot;,&quot;dots&quot;:&quot;&quot;,&quot;autoplay&quot;:&quot;true&quot;,&quot;pause_on_hover&quot;:&quot;true&quot;,&quot;autoplay_speed&quot;:5000,&quot;infinite&quot;:&quot;true&quot;,&quot;center_mode&quot;:&quot;&quot;,&quot;effect&quot;:&quot;slide&quot;,&quot;speed&quot;:500,&quot;inject_alternative_items&quot;:&quot;&quot;,&quot;injection_items&quot;:[],&quot;scroll_slider_enabled&quot;:&quot;&quot;,&quot;scroll_slider_on&quot;:[&quot;desktop&quot;,&quot;tablet&quot;,&quot;mobile&quot;],&quot;custom_query&quot;:&quot;yes&quot;,&quot;custom_query_id&quot;:&quot;1&quot;,&quot;_element_id&quot;:&quot;&quot;,&quot;collapse_first_last_gap&quot;:false,&quot;list_tag_selection&quot;:&quot;&quot;,&quot;list_items_wrapper_tag&quot;:&quot;div&quot;,&quot;list_item_tag&quot;:&quot;div&quot;,&quot;empty_items_wrapper_tag&quot;:&quot;div&quot;}}\" data-page=\"1\" data-pages=\"2\" data-listing-source=\"query\" data-listing-id=\"38754\" data-query-id=\"1\"><div class=\"jet-listing-grid__item jet-listing-dynamic-post-40003\" data-post-id=\"40003\"  >\t\t<div data-elementor-type=\"jet-listing-items\" data-elementor-id=\"39853\" class=\"elementor elementor-39853 elementor-38754 elementor-38754\" data-elementor-post-type=\"jet-engine\">\n\t\t\t\t<div class=\"elementor-element elementor-element-ae25013 e-flex e-con-boxed e-con e-parent\" data-id=\"ae25013\" data-element_type=\"container\" data-e-type=\"container\">\n\t\t\t\t\t<div class=\"e-con-inner\">\n\t\t<div class=\"elementor-element elementor-element-2ca9de5 e-flex e-con-boxed e-con e-child\" data-id=\"2ca9de5\" data-element_type=\"container\" data-e-type=\"container\">\n\t\t\t\t\t<div class=\"e-con-inner\">\n\t\t\t\t<div class=\"elementor-element elementor-element-b482ddb elementor-widget elementor-widget-jet-listing-dynamic-terms\" data-id=\"b482ddb\" data-element_type=\"widget\" data-e-type=\"widget\" data-widget_type=\"jet-listing-dynamic-terms.default\">\n\t\t\t\t<div class=\"elementor-widget-container\">\n\t\t\t\t\t<div class=\"jet-listing jet-listing-dynamic-terms\"><a href=\"https:\/\/iqri.org\/de\/kategorie\/aktuelles\/die-stromungen-des-islam\/dschihadismus\/\" class=\"jet-listing-dynamic-terms__link\">Dschihadismus<\/a><\/div>\t\t\t\t<\/div>\n\t\t\t\t<\/div>\n\t\t\t\t<div class=\"elementor-element elementor-element-d4f3b80 elementor-widget elementor-widget-heading\" data-id=\"d4f3b80\" data-element_type=\"widget\" data-e-type=\"widget\" data-widget_type=\"heading.default\">\n\t\t\t\t<div class=\"elementor-widget-container\">\n\t\t\t\t\t<h2 class=\"elementor-heading-title elementor-size-default\">|<\/h2>\t\t\t\t<\/div>\n\t\t\t\t<\/div>\n\t\t\t\t<div class=\"elementor-element elementor-element-6ac59ac elementor-widget elementor-widget-jet-listing-dynamic-meta\" data-id=\"6ac59ac\" data-element_type=\"widget\" data-e-type=\"widget\" data-widget_type=\"jet-listing-dynamic-meta.default\">\n\t\t\t\t<div class=\"elementor-widget-container\">\n\t\t\t\t\t<div class=\"jet-listing jet-listing-dynamic-meta meta-layout-inline\"><div class=\"jet-listing-dynamic-meta__date jet-listing-dynamic-meta__item\"><a href=\"https:\/\/iqri.org\/de\/2025\/12\/\" class=\"jet-listing-dynamic-meta__item-val\"><time datetime=\"2025-12-18T21:55:25+01:00\">18 Dezember 2025<\/time><\/a><\/div><\/div>\t\t\t\t<\/div>\n\t\t\t\t<\/div>\n\t\t\t\t\t<\/div>\n\t\t\t\t<\/div>\n\t\t\t\t<div class=\"elementor-element elementor-element-4ba5e53 elementor-widget elementor-widget-image\" data-id=\"4ba5e53\" data-element_type=\"widget\" data-e-type=\"widget\" data-widget_type=\"image.default\">\n\t\t\t\t<div class=\"elementor-widget-container\">\n\t\t\t\t\t\t\t\t\t\t\t\t\t\t\t\t<a href=\"https:\/\/iqri.org\/de\/ich-beschuldige-den-islam\/\">\n\t\t\t\t\t\t\t<img fetchpriority=\"high\" decoding=\"async\" width=\"937\" height=\"720\" src=\"https:\/\/iqri.org\/wp-content\/uploads\/2021\/11\/peter-chiykowski-Oah6E5S1FvU-unsplash-scaled.jpg\" class=\"attachment-post-thumbnail-preview size-post-thumbnail-preview wp-image-40004\" alt=\"Gewalt im Islam: Auf diesem Foto ist eine Skulptur zu sehen, die den Kopf eines enthaupteten Mannes auf einem Tablett zeigt.\" srcset=\"https:\/\/iqri.org\/wp-content\/uploads\/2021\/11\/peter-chiykowski-Oah6E5S1FvU-unsplash-scaled.jpg 2560w, https:\/\/iqri.org\/wp-content\/uploads\/2021\/11\/peter-chiykowski-Oah6E5S1FvU-unsplash-scaled-300x231.jpg 300w, https:\/\/iqri.org\/wp-content\/uploads\/2021\/11\/peter-chiykowski-Oah6E5S1FvU-unsplash-scaled-1024x787.jpg 1024w, https:\/\/iqri.org\/wp-content\/uploads\/2021\/11\/peter-chiykowski-Oah6E5S1FvU-unsplash-scaled-768x590.jpg 768w, https:\/\/iqri.org\/wp-content\/uploads\/2021\/11\/peter-chiykowski-Oah6E5S1FvU-unsplash-scaled-1536x1181.jpg 1536w, https:\/\/iqri.org\/wp-content\/uploads\/2021\/11\/peter-chiykowski-Oah6E5S1FvU-unsplash-scaled-2048x1574.jpg 2048w\" sizes=\"(max-width: 937px) 100vw, 937px\" \/>\t\t\t\t\t\t\t\t<\/a>\n\t\t\t\t\t\t\t\t\t\t\t\t\t\t\t<\/div>\n\t\t\t\t<\/div>\n\t\t\t\t<div class=\"elementor-element elementor-element-729f6f7 elementor-widget elementor-widget-heading\" data-id=\"729f6f7\" data-element_type=\"widget\" data-e-type=\"widget\" data-widget_type=\"heading.default\">\n\t\t\t\t<div class=\"elementor-widget-container\">\n\t\t\t\t\t<h2 class=\"elementor-heading-title elementor-size-default\"><a href=\"https:\/\/iqri.org\/de\/ich-beschuldige-den-islam\/\">Ich beschuldige den Islam!<\/a><\/h2>\t\t\t\t<\/div>\n\t\t\t\t<\/div>\n\t\t\t\t<div class=\"elementor-element elementor-element-026d8bf elementor-widget elementor-widget-jet-listing-dynamic-field\" data-id=\"026d8bf\" data-element_type=\"widget\" data-e-type=\"widget\" data-widget_type=\"jet-listing-dynamic-field.default\">\n\t\t\t\t<div class=\"elementor-widget-container\">\n\t\t\t\t\t<div class=\"jet-listing jet-listing-dynamic-field display-inline\"><div class=\"jet-listing-dynamic-field__inline-wrap\"><div class=\"jet-listing-dynamic-field__content\" >Dieser Text wurde 2017 zum ersten Mal ver\u00f6ffentlicht. Acht Jahre sp\u00e4ter hat er nichts von seiner Glut verloren. Der j\u00fcngste Amoklauf in Sydney, der sich gegen Juden richtete, die das Chanukka-Fest feierten, erinnert uns daran, dass der politische Islam, der Islam, der Muslime dazu aufruft, \"auf dem Weg Allahs zu t\u00f6ten und get\u00f6tet zu werden\", der legitime Sohn des orthodoxen...<\/div><\/div><\/div>\t\t\t\t<\/div>\n\t\t\t\t<\/div>\n\t\t\t\t\t<\/div>\n\t\t\t\t<\/div>\n\t\t\t\t<\/div>\n\t\t<\/div><div class=\"jet-listing-grid__item jet-listing-dynamic-post-39990\" data-post-id=\"39990\"  >\t\t<div data-elementor-type=\"jet-listing-items\" data-elementor-id=\"39853\" class=\"elementor elementor-39853 elementor-38754 elementor-38754\" data-elementor-post-type=\"jet-engine\">\n\t\t\t\t<div class=\"elementor-element elementor-element-ae25013 e-flex e-con-boxed e-con e-parent\" data-id=\"ae25013\" data-element_type=\"container\" data-e-type=\"container\">\n\t\t\t\t\t<div class=\"e-con-inner\">\n\t\t<div class=\"elementor-element elementor-element-2ca9de5 e-flex e-con-boxed e-con e-child\" data-id=\"2ca9de5\" data-element_type=\"container\" data-e-type=\"container\">\n\t\t\t\t\t<div class=\"e-con-inner\">\n\t\t\t\t<div class=\"elementor-element elementor-element-b482ddb elementor-widget elementor-widget-jet-listing-dynamic-terms\" data-id=\"b482ddb\" data-element_type=\"widget\" data-e-type=\"widget\" data-widget_type=\"jet-listing-dynamic-terms.default\">\n\t\t\t\t<div class=\"elementor-widget-container\">\n\t\t\t\t\t<div class=\"jet-listing jet-listing-dynamic-terms\"><a href=\"https:\/\/iqri.org\/de\/kategorie\/aktuelles\/die-stromungen-des-islam\/muslimische-bruder\/\" class=\"jet-listing-dynamic-terms__link\">Muslimische Br\u00fcder<\/a><\/div>\t\t\t\t<\/div>\n\t\t\t\t<\/div>\n\t\t\t\t<div class=\"elementor-element elementor-element-d4f3b80 elementor-widget elementor-widget-heading\" data-id=\"d4f3b80\" data-element_type=\"widget\" data-e-type=\"widget\" data-widget_type=\"heading.default\">\n\t\t\t\t<div class=\"elementor-widget-container\">\n\t\t\t\t\t<h2 class=\"elementor-heading-title elementor-size-default\">|<\/h2>\t\t\t\t<\/div>\n\t\t\t\t<\/div>\n\t\t\t\t<div class=\"elementor-element elementor-element-6ac59ac elementor-widget elementor-widget-jet-listing-dynamic-meta\" data-id=\"6ac59ac\" data-element_type=\"widget\" data-e-type=\"widget\" data-widget_type=\"jet-listing-dynamic-meta.default\">\n\t\t\t\t<div class=\"elementor-widget-container\">\n\t\t\t\t\t<div class=\"jet-listing jet-listing-dynamic-meta meta-layout-inline\"><div class=\"jet-listing-dynamic-meta__date jet-listing-dynamic-meta__item\"><a href=\"https:\/\/iqri.org\/de\/2025\/12\/\" class=\"jet-listing-dynamic-meta__item-val\"><time datetime=\"2025-12-12T13:45:05+01:00\">12 Dezember 2025<\/time><\/a><\/div><\/div>\t\t\t\t<\/div>\n\t\t\t\t<\/div>\n\t\t\t\t\t<\/div>\n\t\t\t\t<\/div>\n\t\t\t\t<div class=\"elementor-element elementor-element-4ba5e53 elementor-widget elementor-widget-image\" data-id=\"4ba5e53\" data-element_type=\"widget\" data-e-type=\"widget\" data-widget_type=\"image.default\">\n\t\t\t\t<div class=\"elementor-widget-container\">\n\t\t\t\t\t\t\t\t\t\t\t\t\t\t\t\t<a href=\"https:\/\/iqri.org\/de\/muslimbrueder-wer-sind-sie-und-was-wollen-sie\/\">\n\t\t\t\t\t\t\t<img decoding=\"async\" width=\"1080\" height=\"646\" src=\"https:\/\/iqri.org\/wp-content\/uploads\/2023\/11\/53297115374_9d64d4d96c_k.jpg\" class=\"attachment-post-thumbnail-preview size-post-thumbnail-preview wp-image-39991\" alt=\"\" srcset=\"https:\/\/iqri.org\/wp-content\/uploads\/2023\/11\/53297115374_9d64d4d96c_k.jpg 2047w, https:\/\/iqri.org\/wp-content\/uploads\/2023\/11\/53297115374_9d64d4d96c_k-300x180.jpg 300w, https:\/\/iqri.org\/wp-content\/uploads\/2023\/11\/53297115374_9d64d4d96c_k-1024x613.jpg 1024w, https:\/\/iqri.org\/wp-content\/uploads\/2023\/11\/53297115374_9d64d4d96c_k-768x460.jpg 768w, https:\/\/iqri.org\/wp-content\/uploads\/2023\/11\/53297115374_9d64d4d96c_k-1536x919.jpg 1536w\" sizes=\"(max-width: 1080px) 100vw, 1080px\" \/>\t\t\t\t\t\t\t\t<\/a>\n\t\t\t\t\t\t\t\t\t\t\t\t\t\t\t<\/div>\n\t\t\t\t<\/div>\n\t\t\t\t<div class=\"elementor-element elementor-element-729f6f7 elementor-widget elementor-widget-heading\" data-id=\"729f6f7\" data-element_type=\"widget\" data-e-type=\"widget\" data-widget_type=\"heading.default\">\n\t\t\t\t<div class=\"elementor-widget-container\">\n\t\t\t\t\t<h2 class=\"elementor-heading-title elementor-size-default\"><a href=\"https:\/\/iqri.org\/de\/muslimbrueder-wer-sind-sie-und-was-wollen-sie\/\">&#8222;Muslimbr\u00fcder&#8220;: Wer sind sie und was wollen sie?<\/a><\/h2>\t\t\t\t<\/div>\n\t\t\t\t<\/div>\n\t\t\t\t<div class=\"elementor-element elementor-element-026d8bf elementor-widget elementor-widget-jet-listing-dynamic-field\" data-id=\"026d8bf\" data-element_type=\"widget\" data-e-type=\"widget\" data-widget_type=\"jet-listing-dynamic-field.default\">\n\t\t\t\t<div class=\"elementor-widget-container\">\n\t\t\t\t\t<div class=\"jet-listing jet-listing-dynamic-field display-inline\"><div class=\"jet-listing-dynamic-field__inline-wrap\"><div class=\"jet-listing-dynamic-field__content\" >Die Muslimbruderschaft ist eine sehr einflussreiche \"Bewegung\" in der westlichen Welt. Dieser Artikel bietet einen \u00dcberblick \u00fcber die Muslimbruderschaft in einigen grundlegenden Punkten.<\/div><\/div><\/div>\t\t\t\t<\/div>\n\t\t\t\t<\/div>\n\t\t\t\t\t<\/div>\n\t\t\t\t<\/div>\n\t\t\t\t<\/div>\n\t\t<\/div><div class=\"jet-listing-grid__item jet-listing-dynamic-post-39994\" data-post-id=\"39994\"  >\t\t<div data-elementor-type=\"jet-listing-items\" data-elementor-id=\"39853\" class=\"elementor elementor-39853 elementor-38754 elementor-38754\" data-elementor-post-type=\"jet-engine\">\n\t\t\t\t<div class=\"elementor-element elementor-element-ae25013 e-flex e-con-boxed e-con e-parent\" data-id=\"ae25013\" data-element_type=\"container\" data-e-type=\"container\">\n\t\t\t\t\t<div class=\"e-con-inner\">\n\t\t<div class=\"elementor-element elementor-element-2ca9de5 e-flex e-con-boxed e-con e-child\" data-id=\"2ca9de5\" data-element_type=\"container\" data-e-type=\"container\">\n\t\t\t\t\t<div class=\"e-con-inner\">\n\t\t\t\t<div class=\"elementor-element elementor-element-b482ddb elementor-widget elementor-widget-jet-listing-dynamic-terms\" data-id=\"b482ddb\" data-element_type=\"widget\" data-e-type=\"widget\" data-widget_type=\"jet-listing-dynamic-terms.default\">\n\t\t\t\t<div class=\"elementor-widget-container\">\n\t\t\t\t\t<div class=\"jet-listing jet-listing-dynamic-terms\"><a href=\"https:\/\/iqri.org\/de\/kategorie\/aktuelles\/islam-im-westen\/integration\/\" class=\"jet-listing-dynamic-terms__link\">Integration<\/a><\/div>\t\t\t\t<\/div>\n\t\t\t\t<\/div>\n\t\t\t\t<div class=\"elementor-element elementor-element-d4f3b80 elementor-widget elementor-widget-heading\" data-id=\"d4f3b80\" data-element_type=\"widget\" data-e-type=\"widget\" data-widget_type=\"heading.default\">\n\t\t\t\t<div class=\"elementor-widget-container\">\n\t\t\t\t\t<h2 class=\"elementor-heading-title elementor-size-default\">|<\/h2>\t\t\t\t<\/div>\n\t\t\t\t<\/div>\n\t\t\t\t<div class=\"elementor-element elementor-element-6ac59ac elementor-widget elementor-widget-jet-listing-dynamic-meta\" data-id=\"6ac59ac\" data-element_type=\"widget\" data-e-type=\"widget\" data-widget_type=\"jet-listing-dynamic-meta.default\">\n\t\t\t\t<div class=\"elementor-widget-container\">\n\t\t\t\t\t<div class=\"jet-listing jet-listing-dynamic-meta meta-layout-inline\"><div class=\"jet-listing-dynamic-meta__date jet-listing-dynamic-meta__item\"><a href=\"https:\/\/iqri.org\/de\/2025\/12\/\" class=\"jet-listing-dynamic-meta__item-val\"><time datetime=\"2025-12-10T11:15:22+01:00\">10 Dezember 2025<\/time><\/a><\/div><\/div>\t\t\t\t<\/div>\n\t\t\t\t<\/div>\n\t\t\t\t\t<\/div>\n\t\t\t\t<\/div>\n\t\t\t\t<div class=\"elementor-element elementor-element-4ba5e53 elementor-widget elementor-widget-image\" data-id=\"4ba5e53\" data-element_type=\"widget\" data-e-type=\"widget\" data-widget_type=\"image.default\">\n\t\t\t\t<div class=\"elementor-widget-container\">\n\t\t\t\t\t\t\t\t\t\t\t\t\t\t\t\t<a href=\"https:\/\/iqri.org\/de\/dekret-zur-aufloesung-des-iesh-ein-fall-fuer-die-rechtsprechung\/\">\n\t\t\t\t\t\t\t<img decoding=\"async\" width=\"1080\" height=\"720\" src=\"https:\/\/iqri.org\/wp-content\/uploads\/2025\/12\/15944906420_37f901fd32_k-1080x720.jpg\" class=\"attachment-post-thumbnail-preview size-post-thumbnail-preview wp-image-39995\" alt=\"\" srcset=\"https:\/\/iqri.org\/wp-content\/uploads\/2025\/12\/15944906420_37f901fd32_k-1080x720.jpg 1080w, https:\/\/iqri.org\/wp-content\/uploads\/2025\/12\/15944906420_37f901fd32_k-1024x682.jpg 1024w, https:\/\/iqri.org\/wp-content\/uploads\/2025\/12\/15944906420_37f901fd32_k-1920x1278.jpg 1920w, https:\/\/iqri.org\/wp-content\/uploads\/2025\/12\/15944906420_37f901fd32_k.jpg 2048w\" sizes=\"(max-width: 1080px) 100vw, 1080px\" \/>\t\t\t\t\t\t\t\t<\/a>\n\t\t\t\t\t\t\t\t\t\t\t\t\t\t\t<\/div>\n\t\t\t\t<\/div>\n\t\t\t\t<div class=\"elementor-element elementor-element-729f6f7 elementor-widget elementor-widget-heading\" data-id=\"729f6f7\" data-element_type=\"widget\" data-e-type=\"widget\" data-widget_type=\"heading.default\">\n\t\t\t\t<div class=\"elementor-widget-container\">\n\t\t\t\t\t<h2 class=\"elementor-heading-title elementor-size-default\"><a href=\"https:\/\/iqri.org\/de\/dekret-zur-aufloesung-des-iesh-ein-fall-fuer-die-rechtsprechung\/\">Dekret zur Aufl\u00f6sung des IESH: ein Fall f\u00fcr die Rechtsprechung<\/a><\/h2>\t\t\t\t<\/div>\n\t\t\t\t<\/div>\n\t\t\t\t<div class=\"elementor-element elementor-element-026d8bf elementor-widget elementor-widget-jet-listing-dynamic-field\" data-id=\"026d8bf\" data-element_type=\"widget\" data-e-type=\"widget\" data-widget_type=\"jet-listing-dynamic-field.default\">\n\t\t\t\t<div class=\"elementor-widget-container\">\n\t\t\t\t\t<div class=\"jet-listing jet-listing-dynamic-field display-inline\"><div class=\"jet-listing-dynamic-field__inline-wrap\"><div class=\"jet-listing-dynamic-field__content\" >Am 3. September 2025 erlie\u00df die franz\u00f6sische Regierung ein Aufl\u00f6sungsdekret, das das Europ\u00e4ische Institut f\u00fcr Geisteswissenschaften (IESH) in Ch\u00e2teau-Chinon zur Einstellung seiner Aktivit\u00e4ten verpflichtete.<\/div><\/div><\/div>\t\t\t\t<\/div>\n\t\t\t\t<\/div>\n\t\t\t\t\t<\/div>\n\t\t\t\t<\/div>\n\t\t\t\t<\/div>\n\t\t<\/div><div class=\"jet-listing-grid__item jet-listing-dynamic-post-39987\" data-post-id=\"39987\"  >\t\t<div data-elementor-type=\"jet-listing-items\" data-elementor-id=\"39853\" class=\"elementor elementor-39853 elementor-38754 elementor-38754\" data-elementor-post-type=\"jet-engine\">\n\t\t\t\t<div class=\"elementor-element elementor-element-ae25013 e-flex e-con-boxed e-con e-parent\" data-id=\"ae25013\" data-element_type=\"container\" data-e-type=\"container\">\n\t\t\t\t\t<div class=\"e-con-inner\">\n\t\t<div class=\"elementor-element elementor-element-2ca9de5 e-flex e-con-boxed e-con e-child\" data-id=\"2ca9de5\" data-element_type=\"container\" data-e-type=\"container\">\n\t\t\t\t\t<div class=\"e-con-inner\">\n\t\t\t\t<div class=\"elementor-element elementor-element-b482ddb elementor-widget elementor-widget-jet-listing-dynamic-terms\" data-id=\"b482ddb\" data-element_type=\"widget\" data-e-type=\"widget\" data-widget_type=\"jet-listing-dynamic-terms.default\">\n\t\t\t\t<div class=\"elementor-widget-container\">\n\t\t\t\t\t<div class=\"jet-listing jet-listing-dynamic-terms\"><a href=\"https:\/\/iqri.org\/de\/kategorie\/aktuelles\/\" class=\"jet-listing-dynamic-terms__link\">Aktuelles<\/a><\/div>\t\t\t\t<\/div>\n\t\t\t\t<\/div>\n\t\t\t\t<div class=\"elementor-element elementor-element-d4f3b80 elementor-widget elementor-widget-heading\" data-id=\"d4f3b80\" data-element_type=\"widget\" data-e-type=\"widget\" data-widget_type=\"heading.default\">\n\t\t\t\t<div class=\"elementor-widget-container\">\n\t\t\t\t\t<h2 class=\"elementor-heading-title elementor-size-default\">|<\/h2>\t\t\t\t<\/div>\n\t\t\t\t<\/div>\n\t\t\t\t<div class=\"elementor-element elementor-element-6ac59ac elementor-widget elementor-widget-jet-listing-dynamic-meta\" data-id=\"6ac59ac\" data-element_type=\"widget\" data-e-type=\"widget\" data-widget_type=\"jet-listing-dynamic-meta.default\">\n\t\t\t\t<div class=\"elementor-widget-container\">\n\t\t\t\t\t<div class=\"jet-listing jet-listing-dynamic-meta meta-layout-inline\"><div class=\"jet-listing-dynamic-meta__date jet-listing-dynamic-meta__item\"><a href=\"https:\/\/iqri.org\/de\/2025\/03\/\" class=\"jet-listing-dynamic-meta__item-val\"><time datetime=\"2025-03-08T15:34:07+01:00\">8 M\u00e4rz 2025<\/time><\/a><\/div><\/div>\t\t\t\t<\/div>\n\t\t\t\t<\/div>\n\t\t\t\t\t<\/div>\n\t\t\t\t<\/div>\n\t\t\t\t<div class=\"elementor-element elementor-element-4ba5e53 elementor-widget elementor-widget-image\" data-id=\"4ba5e53\" data-element_type=\"widget\" data-e-type=\"widget\" data-widget_type=\"image.default\">\n\t\t\t\t<div class=\"elementor-widget-container\">\n\t\t\t\t\t\t\t\t\t\t\t\t\t\t\t\t<a href=\"https:\/\/iqri.org\/de\/antimuslimischer-rassismus-und-muslimischer-rassismus\/\">\n\t\t\t\t\t\t\t<img loading=\"lazy\" decoding=\"async\" width=\"1080\" height=\"720\" src=\"https:\/\/iqri.org\/wp-content\/uploads\/2025\/03\/16714465219_3d6dfa77fc_k-1080x720.jpg\" class=\"attachment-post-thumbnail-preview size-post-thumbnail-preview wp-image-39989\" alt=\"Demonstration gegen antimuslimischen Rassismus\" srcset=\"https:\/\/iqri.org\/wp-content\/uploads\/2025\/03\/16714465219_3d6dfa77fc_k-1080x720.jpg 1080w, https:\/\/iqri.org\/wp-content\/uploads\/2025\/03\/16714465219_3d6dfa77fc_k-1024x684.jpg 1024w, https:\/\/iqri.org\/wp-content\/uploads\/2025\/03\/16714465219_3d6dfa77fc_k-1920x1282.jpg 1920w, https:\/\/iqri.org\/wp-content\/uploads\/2025\/03\/16714465219_3d6dfa77fc_k.jpg 2048w\" sizes=\"(max-width: 1080px) 100vw, 1080px\" \/>\t\t\t\t\t\t\t\t<\/a>\n\t\t\t\t\t\t\t\t\t\t\t\t\t\t\t<\/div>\n\t\t\t\t<\/div>\n\t\t\t\t<div class=\"elementor-element elementor-element-729f6f7 elementor-widget elementor-widget-heading\" data-id=\"729f6f7\" data-element_type=\"widget\" data-e-type=\"widget\" data-widget_type=\"heading.default\">\n\t\t\t\t<div class=\"elementor-widget-container\">\n\t\t\t\t\t<h2 class=\"elementor-heading-title elementor-size-default\"><a href=\"https:\/\/iqri.org\/de\/antimuslimischer-rassismus-und-muslimischer-rassismus\/\">Antimuslimischer Rassismus und muslimischer Rassismus<\/a><\/h2>\t\t\t\t<\/div>\n\t\t\t\t<\/div>\n\t\t\t\t<div class=\"elementor-element elementor-element-026d8bf elementor-widget elementor-widget-jet-listing-dynamic-field\" data-id=\"026d8bf\" data-element_type=\"widget\" data-e-type=\"widget\" data-widget_type=\"jet-listing-dynamic-field.default\">\n\t\t\t\t<div class=\"elementor-widget-container\">\n\t\t\t\t\t<div class=\"jet-listing jet-listing-dynamic-field display-inline\"><div class=\"jet-listing-dynamic-field__inline-wrap\"><div class=\"jet-listing-dynamic-field__content\" >Antimuslimischer Rassismus und muslimischer Rassismus. Was die CSIS-Studie \"Antimuslimischer Rassismus in der Schweiz\" zu Recht hervorhebt und was \u00fcber die Frage des islamischen Rassismus noch zu sagen ist.<\/div><\/div><\/div>\t\t\t\t<\/div>\n\t\t\t\t<\/div>\n\t\t\t\t\t<\/div>\n\t\t\t\t<\/div>\n\t\t\t\t<\/div>\n\t\t<\/div><div class=\"jet-listing-grid__item jet-listing-dynamic-post-39825\" data-post-id=\"39825\"  >\t\t<div data-elementor-type=\"jet-listing-items\" data-elementor-id=\"39853\" class=\"elementor elementor-39853 elementor-38754 elementor-38754\" data-elementor-post-type=\"jet-engine\">\n\t\t\t\t<div class=\"elementor-element elementor-element-ae25013 e-flex e-con-boxed e-con e-parent\" data-id=\"ae25013\" data-element_type=\"container\" data-e-type=\"container\">\n\t\t\t\t\t<div class=\"e-con-inner\">\n\t\t<div class=\"elementor-element elementor-element-2ca9de5 e-flex e-con-boxed e-con e-child\" data-id=\"2ca9de5\" data-element_type=\"container\" data-e-type=\"container\">\n\t\t\t\t\t<div class=\"e-con-inner\">\n\t\t\t\t<div class=\"elementor-element elementor-element-b482ddb elementor-widget elementor-widget-jet-listing-dynamic-terms\" data-id=\"b482ddb\" data-element_type=\"widget\" data-e-type=\"widget\" data-widget_type=\"jet-listing-dynamic-terms.default\">\n\t\t\t\t<div class=\"elementor-widget-container\">\n\t\t\t\t\t<div class=\"jet-listing jet-listing-dynamic-terms\"><a href=\"https:\/\/iqri.org\/de\/kategorie\/aktuelles\/reform-des-islam\/aufhebung-der-gebote\/\" class=\"jet-listing-dynamic-terms__link\">Aufhebung der Gebote<\/a><\/div>\t\t\t\t<\/div>\n\t\t\t\t<\/div>\n\t\t\t\t<div class=\"elementor-element elementor-element-d4f3b80 elementor-widget elementor-widget-heading\" data-id=\"d4f3b80\" data-element_type=\"widget\" data-e-type=\"widget\" data-widget_type=\"heading.default\">\n\t\t\t\t<div class=\"elementor-widget-container\">\n\t\t\t\t\t<h2 class=\"elementor-heading-title elementor-size-default\">|<\/h2>\t\t\t\t<\/div>\n\t\t\t\t<\/div>\n\t\t\t\t<div class=\"elementor-element elementor-element-6ac59ac elementor-widget elementor-widget-jet-listing-dynamic-meta\" data-id=\"6ac59ac\" data-element_type=\"widget\" data-e-type=\"widget\" data-widget_type=\"jet-listing-dynamic-meta.default\">\n\t\t\t\t<div class=\"elementor-widget-container\">\n\t\t\t\t\t<div class=\"jet-listing jet-listing-dynamic-meta meta-layout-inline\"><div class=\"jet-listing-dynamic-meta__date jet-listing-dynamic-meta__item\"><a href=\"https:\/\/iqri.org\/de\/2025\/03\/\" class=\"jet-listing-dynamic-meta__item-val\"><time datetime=\"2025-03-05T17:25:03+01:00\">5 M\u00e4rz 2025<\/time><\/a><\/div><\/div>\t\t\t\t<\/div>\n\t\t\t\t<\/div>\n\t\t\t\t\t<\/div>\n\t\t\t\t<\/div>\n\t\t\t\t<div class=\"elementor-element elementor-element-4ba5e53 elementor-widget elementor-widget-image\" data-id=\"4ba5e53\" data-element_type=\"widget\" data-e-type=\"widget\" data-widget_type=\"image.default\">\n\t\t\t\t<div class=\"elementor-widget-container\">\n\t\t\t\t\t\t\t\t\t\t\t\t\t\t\t\t<a href=\"https:\/\/iqri.org\/de\/muslime-als-opfer-des-islam\/\">\n\t\t\t\t\t\t\t<img loading=\"lazy\" decoding=\"async\" width=\"1080\" height=\"720\" src=\"https:\/\/iqri.org\/wp-content\/uploads\/2022\/06\/14401680251_ad7dbfa31d_k-2-1080x720.jpg\" class=\"attachment-post-thumbnail-preview size-post-thumbnail-preview wp-image-39826\" alt=\"\" srcset=\"https:\/\/iqri.org\/wp-content\/uploads\/2022\/06\/14401680251_ad7dbfa31d_k-2-1080x720.jpg 1080w, https:\/\/iqri.org\/wp-content\/uploads\/2022\/06\/14401680251_ad7dbfa31d_k-2-300x201.jpg 300w\" sizes=\"(max-width: 1080px) 100vw, 1080px\" \/>\t\t\t\t\t\t\t\t<\/a>\n\t\t\t\t\t\t\t\t\t\t\t\t\t\t\t<\/div>\n\t\t\t\t<\/div>\n\t\t\t\t<div class=\"elementor-element elementor-element-729f6f7 elementor-widget elementor-widget-heading\" data-id=\"729f6f7\" data-element_type=\"widget\" data-e-type=\"widget\" data-widget_type=\"heading.default\">\n\t\t\t\t<div class=\"elementor-widget-container\">\n\t\t\t\t\t<h2 class=\"elementor-heading-title elementor-size-default\"><a href=\"https:\/\/iqri.org\/de\/muslime-als-opfer-des-islam\/\">Muslime als Opfer des Islam?<\/a><\/h2>\t\t\t\t<\/div>\n\t\t\t\t<\/div>\n\t\t\t\t<div class=\"elementor-element elementor-element-026d8bf elementor-widget elementor-widget-jet-listing-dynamic-field\" data-id=\"026d8bf\" data-element_type=\"widget\" data-e-type=\"widget\" data-widget_type=\"jet-listing-dynamic-field.default\">\n\t\t\t\t<div class=\"elementor-widget-container\">\n\t\t\t\t\t<div class=\"jet-listing jet-listing-dynamic-field display-inline\"><div class=\"jet-listing-dynamic-field__inline-wrap\"><div class=\"jet-listing-dynamic-field__content\" >Muslime als Opfer des Islam? Ja, viele Muslime seien Opfer des Islam, sagte Soran Tarkhani. Er f\u00fcgte hinzu: \"Wenn Sie mit dem derzeitigen Schicksal der Muslime sympathisieren, sind Sie verpflichtet, den Islam zu kritisieren. Dies ist der einzige rationale und vern\u00fcnftige Weg, um weiterzukommen.<\/div><\/div><\/div>\t\t\t\t<\/div>\n\t\t\t\t<\/div>\n\t\t\t\t\t<\/div>\n\t\t\t\t<\/div>\n\t\t\t\t<\/div>\n\t\t<\/div><div class=\"jet-listing-grid__item jet-listing-dynamic-post-39893\" data-post-id=\"39893\"  >\t\t<div data-elementor-type=\"jet-listing-items\" data-elementor-id=\"39853\" class=\"elementor elementor-39853 elementor-38754 elementor-38754\" data-elementor-post-type=\"jet-engine\">\n\t\t\t\t<div class=\"elementor-element elementor-element-ae25013 e-flex e-con-boxed e-con e-parent\" data-id=\"ae25013\" data-element_type=\"container\" data-e-type=\"container\">\n\t\t\t\t\t<div class=\"e-con-inner\">\n\t\t<div class=\"elementor-element elementor-element-2ca9de5 e-flex e-con-boxed e-con e-child\" data-id=\"2ca9de5\" data-element_type=\"container\" data-e-type=\"container\">\n\t\t\t\t\t<div class=\"e-con-inner\">\n\t\t\t\t<div class=\"elementor-element elementor-element-b482ddb elementor-widget elementor-widget-jet-listing-dynamic-terms\" data-id=\"b482ddb\" data-element_type=\"widget\" data-e-type=\"widget\" data-widget_type=\"jet-listing-dynamic-terms.default\">\n\t\t\t\t<div class=\"elementor-widget-container\">\n\t\t\t\t\t<div class=\"jet-listing jet-listing-dynamic-terms\"><a href=\"https:\/\/iqri.org\/de\/kategorie\/dogma\/gottesdienst\/ramadan-fasten\/\" class=\"jet-listing-dynamic-terms__link\">Ramadan (Fasten)<\/a><\/div>\t\t\t\t<\/div>\n\t\t\t\t<\/div>\n\t\t\t\t<div class=\"elementor-element elementor-element-d4f3b80 elementor-widget elementor-widget-heading\" data-id=\"d4f3b80\" data-element_type=\"widget\" data-e-type=\"widget\" data-widget_type=\"heading.default\">\n\t\t\t\t<div class=\"elementor-widget-container\">\n\t\t\t\t\t<h2 class=\"elementor-heading-title elementor-size-default\">|<\/h2>\t\t\t\t<\/div>\n\t\t\t\t<\/div>\n\t\t\t\t<div class=\"elementor-element elementor-element-6ac59ac elementor-widget elementor-widget-jet-listing-dynamic-meta\" data-id=\"6ac59ac\" data-element_type=\"widget\" data-e-type=\"widget\" data-widget_type=\"jet-listing-dynamic-meta.default\">\n\t\t\t\t<div class=\"elementor-widget-container\">\n\t\t\t\t\t<div class=\"jet-listing jet-listing-dynamic-meta meta-layout-inline\"><div class=\"jet-listing-dynamic-meta__date jet-listing-dynamic-meta__item\"><a href=\"https:\/\/iqri.org\/de\/2025\/02\/\" class=\"jet-listing-dynamic-meta__item-val\"><time datetime=\"2025-02-27T14:00:38+01:00\">27 Februar 2025<\/time><\/a><\/div><\/div>\t\t\t\t<\/div>\n\t\t\t\t<\/div>\n\t\t\t\t\t<\/div>\n\t\t\t\t<\/div>\n\t\t\t\t<div class=\"elementor-element elementor-element-4ba5e53 elementor-widget elementor-widget-image\" data-id=\"4ba5e53\" data-element_type=\"widget\" data-e-type=\"widget\" data-widget_type=\"image.default\">\n\t\t\t\t<div class=\"elementor-widget-container\">\n\t\t\t\t\t\t\t\t\t\t\t\t\t\t\t\t<a href=\"https:\/\/iqri.org\/de\/einige-unbekannte-aspekte-des-fastens-im-ramadan\/\">\n\t\t\t\t\t\t\t<img loading=\"lazy\" decoding=\"async\" width=\"1024\" height=\"720\" src=\"https:\/\/iqri.org\/wp-content\/uploads\/2025\/02\/033F0999-3822-4B18-B76E-7B1EE4B5DEF9_1_105_c-1024x720.jpeg\" class=\"attachment-post-thumbnail-preview size-post-thumbnail-preview wp-image-39894\" alt=\"\" \/>\t\t\t\t\t\t\t\t<\/a>\n\t\t\t\t\t\t\t\t\t\t\t\t\t\t\t<\/div>\n\t\t\t\t<\/div>\n\t\t\t\t<div class=\"elementor-element elementor-element-729f6f7 elementor-widget elementor-widget-heading\" data-id=\"729f6f7\" data-element_type=\"widget\" data-e-type=\"widget\" data-widget_type=\"heading.default\">\n\t\t\t\t<div class=\"elementor-widget-container\">\n\t\t\t\t\t<h2 class=\"elementor-heading-title elementor-size-default\"><a href=\"https:\/\/iqri.org\/de\/einige-unbekannte-aspekte-des-fastens-im-ramadan\/\">Einige unbekannte Aspekte des Fastens im Ramadan<\/a><\/h2>\t\t\t\t<\/div>\n\t\t\t\t<\/div>\n\t\t\t\t<div class=\"elementor-element elementor-element-026d8bf elementor-widget elementor-widget-jet-listing-dynamic-field\" data-id=\"026d8bf\" data-element_type=\"widget\" data-e-type=\"widget\" data-widget_type=\"jet-listing-dynamic-field.default\">\n\t\t\t\t<div class=\"elementor-widget-container\">\n\t\t\t\t\t<div class=\"jet-listing jet-listing-dynamic-field display-inline\"><div class=\"jet-listing-dynamic-field__inline-wrap\"><div class=\"jet-listing-dynamic-field__content\" >Der Autor dieses Artikels, Sami Aldeeb, st\u00fctzt sich auf verschiedene, vor allem arabische Quellen und beleuchtet einige unbekannte Aspekte des Fastens im Ramadan.<\/div><\/div><\/div>\t\t\t\t<\/div>\n\t\t\t\t<\/div>\n\t\t\t\t\t<\/div>\n\t\t\t\t<\/div>\n\t\t\t\t<\/div>\n\t\t<\/div><div class=\"jet-listing-grid__item jet-listing-dynamic-post-39908\" data-post-id=\"39908\"  >\t\t<div data-elementor-type=\"jet-listing-items\" data-elementor-id=\"39853\" class=\"elementor elementor-39853 elementor-38754 elementor-38754\" data-elementor-post-type=\"jet-engine\">\n\t\t\t\t<div class=\"elementor-element elementor-element-ae25013 e-flex e-con-boxed e-con e-parent\" data-id=\"ae25013\" data-element_type=\"container\" data-e-type=\"container\">\n\t\t\t\t\t<div class=\"e-con-inner\">\n\t\t<div class=\"elementor-element elementor-element-2ca9de5 e-flex e-con-boxed e-con e-child\" data-id=\"2ca9de5\" data-element_type=\"container\" data-e-type=\"container\">\n\t\t\t\t\t<div class=\"e-con-inner\">\n\t\t\t\t<div class=\"elementor-element elementor-element-b482ddb elementor-widget elementor-widget-jet-listing-dynamic-terms\" data-id=\"b482ddb\" data-element_type=\"widget\" data-e-type=\"widget\" data-widget_type=\"jet-listing-dynamic-terms.default\">\n\t\t\t\t<div class=\"elementor-widget-container\">\n\t\t\t\t\t<div class=\"jet-listing jet-listing-dynamic-terms\"><a href=\"https:\/\/iqri.org\/de\/kategorie\/aktuelles\/koran-vs-bibel\/\" class=\"jet-listing-dynamic-terms__link\">Koran vs. Bibel<\/a><\/div>\t\t\t\t<\/div>\n\t\t\t\t<\/div>\n\t\t\t\t<div class=\"elementor-element elementor-element-d4f3b80 elementor-widget elementor-widget-heading\" data-id=\"d4f3b80\" data-element_type=\"widget\" data-e-type=\"widget\" data-widget_type=\"heading.default\">\n\t\t\t\t<div class=\"elementor-widget-container\">\n\t\t\t\t\t<h2 class=\"elementor-heading-title elementor-size-default\">|<\/h2>\t\t\t\t<\/div>\n\t\t\t\t<\/div>\n\t\t\t\t<div class=\"elementor-element elementor-element-6ac59ac elementor-widget elementor-widget-jet-listing-dynamic-meta\" data-id=\"6ac59ac\" data-element_type=\"widget\" data-e-type=\"widget\" data-widget_type=\"jet-listing-dynamic-meta.default\">\n\t\t\t\t<div class=\"elementor-widget-container\">\n\t\t\t\t\t<div class=\"jet-listing jet-listing-dynamic-meta meta-layout-inline\"><div class=\"jet-listing-dynamic-meta__date jet-listing-dynamic-meta__item\"><a href=\"https:\/\/iqri.org\/de\/2025\/02\/\" class=\"jet-listing-dynamic-meta__item-val\"><time datetime=\"2025-02-27T14:00:27+01:00\">27 Februar 2025<\/time><\/a><\/div><\/div>\t\t\t\t<\/div>\n\t\t\t\t<\/div>\n\t\t\t\t\t<\/div>\n\t\t\t\t<\/div>\n\t\t\t\t<div class=\"elementor-element elementor-element-4ba5e53 elementor-widget elementor-widget-image\" data-id=\"4ba5e53\" data-element_type=\"widget\" data-e-type=\"widget\" data-widget_type=\"image.default\">\n\t\t\t\t<div class=\"elementor-widget-container\">\n\t\t\t\t\t\t\t\t\t\t\t\t\t\t\t\t<a href=\"https:\/\/iqri.org\/de\/fasten-nach-dem-islam-und-nach-der-bibel\/\">\n\t\t\t\t\t\t\t<img loading=\"lazy\" decoding=\"async\" width=\"1080\" height=\"720\" src=\"https:\/\/iqri.org\/wp-content\/uploads\/2025\/02\/7076338365_ec5a7caf9b_k-1080x720.jpg\" class=\"attachment-post-thumbnail-preview size-post-thumbnail-preview wp-image-39909\" alt=\"\" srcset=\"https:\/\/iqri.org\/wp-content\/uploads\/2025\/02\/7076338365_ec5a7caf9b_k-1080x720.jpg 1080w, https:\/\/iqri.org\/wp-content\/uploads\/2025\/02\/7076338365_ec5a7caf9b_k-1024x682.jpg 1024w, https:\/\/iqri.org\/wp-content\/uploads\/2025\/02\/7076338365_ec5a7caf9b_k-1920x1278.jpg 1920w, https:\/\/iqri.org\/wp-content\/uploads\/2025\/02\/7076338365_ec5a7caf9b_k.jpg 2048w\" sizes=\"(max-width: 1080px) 100vw, 1080px\" \/>\t\t\t\t\t\t\t\t<\/a>\n\t\t\t\t\t\t\t\t\t\t\t\t\t\t\t<\/div>\n\t\t\t\t<\/div>\n\t\t\t\t<div class=\"elementor-element elementor-element-729f6f7 elementor-widget elementor-widget-heading\" data-id=\"729f6f7\" data-element_type=\"widget\" data-e-type=\"widget\" data-widget_type=\"heading.default\">\n\t\t\t\t<div class=\"elementor-widget-container\">\n\t\t\t\t\t<h2 class=\"elementor-heading-title elementor-size-default\"><a href=\"https:\/\/iqri.org\/de\/fasten-nach-dem-islam-und-nach-der-bibel\/\">Fasten, nach dem Islam und nach der Bibel<\/a><\/h2>\t\t\t\t<\/div>\n\t\t\t\t<\/div>\n\t\t\t\t<div class=\"elementor-element elementor-element-026d8bf elementor-widget elementor-widget-jet-listing-dynamic-field\" data-id=\"026d8bf\" data-element_type=\"widget\" data-e-type=\"widget\" data-widget_type=\"jet-listing-dynamic-field.default\">\n\t\t\t\t<div class=\"elementor-widget-container\">\n\t\t\t\t\t<div class=\"jet-listing jet-listing-dynamic-field display-inline\"><div class=\"jet-listing-dynamic-field__inline-wrap\"><div class=\"jet-listing-dynamic-field__content\" >Oft h\u00f6rt man: Muslime fasten, Christen nicht. Wie ist das wirklich? Um dies zu verstehen, m\u00fcssen wir definieren, was Fasten im Islam und in der Bibel bedeutet.<\/div><\/div><\/div>\t\t\t\t<\/div>\n\t\t\t\t<\/div>\n\t\t\t\t\t<\/div>\n\t\t\t\t<\/div>\n\t\t\t\t<\/div>\n\t\t<\/div><div class=\"jet-listing-grid__item jet-listing-dynamic-post-39900\" data-post-id=\"39900\"  >\t\t<div data-elementor-type=\"jet-listing-items\" data-elementor-id=\"39853\" class=\"elementor elementor-39853 elementor-38754 elementor-38754\" data-elementor-post-type=\"jet-engine\">\n\t\t\t\t<div class=\"elementor-element elementor-element-ae25013 e-flex e-con-boxed e-con e-parent\" data-id=\"ae25013\" data-element_type=\"container\" data-e-type=\"container\">\n\t\t\t\t\t<div class=\"e-con-inner\">\n\t\t<div class=\"elementor-element elementor-element-2ca9de5 e-flex e-con-boxed e-con e-child\" data-id=\"2ca9de5\" data-element_type=\"container\" data-e-type=\"container\">\n\t\t\t\t\t<div class=\"e-con-inner\">\n\t\t\t\t<div class=\"elementor-element elementor-element-b482ddb elementor-widget elementor-widget-jet-listing-dynamic-terms\" data-id=\"b482ddb\" data-element_type=\"widget\" data-e-type=\"widget\" data-widget_type=\"jet-listing-dynamic-terms.default\">\n\t\t\t\t<div class=\"elementor-widget-container\">\n\t\t\t\t\t<div class=\"jet-listing jet-listing-dynamic-terms\"><a href=\"https:\/\/iqri.org\/de\/kategorie\/aktuelles\/\" class=\"jet-listing-dynamic-terms__link\">Aktuelles<\/a><\/div>\t\t\t\t<\/div>\n\t\t\t\t<\/div>\n\t\t\t\t<div class=\"elementor-element elementor-element-d4f3b80 elementor-widget elementor-widget-heading\" data-id=\"d4f3b80\" data-element_type=\"widget\" data-e-type=\"widget\" data-widget_type=\"heading.default\">\n\t\t\t\t<div class=\"elementor-widget-container\">\n\t\t\t\t\t<h2 class=\"elementor-heading-title elementor-size-default\">|<\/h2>\t\t\t\t<\/div>\n\t\t\t\t<\/div>\n\t\t\t\t<div class=\"elementor-element elementor-element-6ac59ac elementor-widget elementor-widget-jet-listing-dynamic-meta\" data-id=\"6ac59ac\" data-element_type=\"widget\" data-e-type=\"widget\" data-widget_type=\"jet-listing-dynamic-meta.default\">\n\t\t\t\t<div class=\"elementor-widget-container\">\n\t\t\t\t\t<div class=\"jet-listing jet-listing-dynamic-meta meta-layout-inline\"><div class=\"jet-listing-dynamic-meta__date jet-listing-dynamic-meta__item\"><a href=\"https:\/\/iqri.org\/de\/2025\/02\/\" class=\"jet-listing-dynamic-meta__item-val\"><time datetime=\"2025-02-15T10:28:34+01:00\">15 Februar 2025<\/time><\/a><\/div><\/div>\t\t\t\t<\/div>\n\t\t\t\t<\/div>\n\t\t\t\t\t<\/div>\n\t\t\t\t<\/div>\n\t\t\t\t<div class=\"elementor-element elementor-element-4ba5e53 elementor-widget elementor-widget-image\" data-id=\"4ba5e53\" data-element_type=\"widget\" data-e-type=\"widget\" data-widget_type=\"image.default\">\n\t\t\t\t<div class=\"elementor-widget-container\">\n\t\t\t\t\t\t\t\t\t\t\t\t\t\t\t\t<a href=\"https:\/\/iqri.org\/de\/frieden-leben-in-einer-pluralistischen-gesellschaft\/\">\n\t\t\t\t\t\t\t<img loading=\"lazy\" decoding=\"async\" width=\"1080\" height=\"720\" src=\"https:\/\/iqri.org\/wp-content\/uploads\/2025\/02\/46977441195_0f475a0052_k-1080x720.jpg\" class=\"attachment-post-thumbnail-preview size-post-thumbnail-preview wp-image-39903\" alt=\"Gesunde Gesundheit in l\u00e4ndlichen Gebieten von Burkina Faso.\" srcset=\"https:\/\/iqri.org\/wp-content\/uploads\/2025\/02\/46977441195_0f475a0052_k-1080x720.jpg 1080w, https:\/\/iqri.org\/wp-content\/uploads\/2025\/02\/46977441195_0f475a0052_k-1024x683.jpg 1024w, https:\/\/iqri.org\/wp-content\/uploads\/2025\/02\/46977441195_0f475a0052_k-1920x1280.jpg 1920w, https:\/\/iqri.org\/wp-content\/uploads\/2025\/02\/46977441195_0f475a0052_k.jpg 2048w\" sizes=\"(max-width: 1080px) 100vw, 1080px\" \/>\t\t\t\t\t\t\t\t<\/a>\n\t\t\t\t\t\t\t\t\t\t\t\t\t\t\t<\/div>\n\t\t\t\t<\/div>\n\t\t\t\t<div class=\"elementor-element elementor-element-729f6f7 elementor-widget elementor-widget-heading\" data-id=\"729f6f7\" data-element_type=\"widget\" data-e-type=\"widget\" data-widget_type=\"heading.default\">\n\t\t\t\t<div class=\"elementor-widget-container\">\n\t\t\t\t\t<h2 class=\"elementor-heading-title elementor-size-default\"><a href=\"https:\/\/iqri.org\/de\/frieden-leben-in-einer-pluralistischen-gesellschaft\/\">Frieden leben in einer pluralistischen Gesellschaft<\/a><\/h2>\t\t\t\t<\/div>\n\t\t\t\t<\/div>\n\t\t\t\t<div class=\"elementor-element elementor-element-026d8bf elementor-widget elementor-widget-jet-listing-dynamic-field\" data-id=\"026d8bf\" data-element_type=\"widget\" data-e-type=\"widget\" data-widget_type=\"jet-listing-dynamic-field.default\">\n\t\t\t\t<div class=\"elementor-widget-container\">\n\t\t\t\t\t<div class=\"jet-listing jet-listing-dynamic-field display-inline\"><div class=\"jet-listing-dynamic-field__inline-wrap\"><div class=\"jet-listing-dynamic-field__content\" >Das Ziel von Boureima Diallo ist es, den Frieden in einer pluralistischen Gesellschaft zu leben. Er wurde in einer muslimischen Familie geboren und ist heute Pastor der Kirche Jam Tan (Frieden) in Burkina Faso. Er setzt sich f\u00fcr die Ann\u00e4herung und Zusammenarbeit aller Religionsgemeinschaften ein, um die harmonische Entwicklung des Landes zu f\u00f6rdern. Als er k\u00fcrzlich in Genf war, erkl\u00e4rte...<\/div><\/div><\/div>\t\t\t\t<\/div>\n\t\t\t\t<\/div>\n\t\t\t\t\t<\/div>\n\t\t\t\t<\/div>\n\t\t\t\t<\/div>\n\t\t<\/div><\/div><\/div>\t\t\t\t<\/div>\n\t\t\t\t<\/div>\n\t\t\t\t<div class=\"elementor-element elementor-element-551fe79 elementor-widget elementor-widget-jet-smart-filters-pagination\" data-id=\"551fe79\" data-element_type=\"widget\" data-e-type=\"widget\" data-widget_type=\"jet-smart-filters-pagination.default\">\n\t\t\t\t<div class=\"elementor-widget-container\">\n\t\t\t\t\t<div\n\t\t\t\tclass=\"jet-smart-filters-pagination jet-filter\"\n\t\t\t\tdata-apply-provider=\"jet-engine\"\n\t\t\t\tdata-content-provider=\"jet-engine\"\n\t\t\t\tdata-query-id=\"default\"\n\t\t\t\tdata-controls=\"{&quot;items_enabled&quot;:true,&quot;pages_mid_size&quot;:0,&quot;pages_end_size&quot;:0,&quot;nav_enabled&quot;:false,&quot;load_more_enabled&quot;:false,&quot;provider_top_offset&quot;:0}\"\n\t\t\t\tdata-apply-type=\"ajax\"\n\t\t\t><\/div>\t\t\t\t<\/div>\n\t\t\t\t<\/div>\n\t\t\t\t\t<\/div>\n\t\t\t\t<\/div>\n\t\t\t\t<\/div>\n\t\t","protected":false},"excerpt":{"rendered":"<p>Status der Frau | 7. Dezember 2023 Die Diskriminierung der Frau im Koran und in der Sunna Mohammeds ist das Thema, das der Autor dieses Artikels beleuchtet. Wird der Islam sich reformieren k\u00f6nnen? Und welche Rolle werden die Frauen bei dieser Reform spielen, wenn sie denn stattfindet? S\u00e4kularismus &amp; Demokratie | 13. November 2023 Im [&hellip;]<\/p>\n","protected":false},"author":1,"featured_media":0,"parent":0,"menu_order":0,"comment_status":"closed","ping_status":"closed","template":"","meta":{"_acf_changed":false,"footnotes":""},"coauthors":[46],"class_list":["post-39983","page","type-page","status-publish","hentry"],"acf":[],"yoast_head":"<!-- This site is optimized with the Yoast SEO plugin v26.8 - https:\/\/yoast.com\/product\/yoast-seo-wordpress\/ -->\n<title>Nachrichten - IQRI.org<\/title>\n<meta name=\"robots\" content=\"index, follow, max-snippet:-1, max-image-preview:large, max-video-preview:-1\" \/>\n<link rel=\"canonical\" href=\"https:\/\/iqri.org\/de\/nachrichten\/\" \/>\n<meta property=\"og:locale\" content=\"de_DE\" \/>\n<meta property=\"og:type\" content=\"article\" \/>\n<meta property=\"og:title\" content=\"Nachrichten - IQRI.org\" \/>\n<meta property=\"og:description\" content=\"Status der Frau | 7. Dezember 2023 Die Diskriminierung der Frau im Koran und in der Sunna Mohammeds ist das Thema, das der Autor dieses Artikels beleuchtet. Wird der Islam sich reformieren k\u00f6nnen? Und welche Rolle werden die Frauen bei dieser Reform spielen, wenn sie denn stattfindet? S\u00e4kularismus &amp; Demokratie | 13. November 2023 Im [&hellip;]\" \/>\n<meta property=\"og:url\" content=\"https:\/\/iqri.org\/de\/nachrichten\/\" \/>\n<meta property=\"og:site_name\" content=\"IQRI.org\" \/>\n<meta property=\"article:modified_time\" content=\"2026-03-26T13:03:05+00:00\" \/>\n<meta property=\"og:image\" content=\"https:\/\/dev.iqri.org\/wp-content\/uploads\/2023\/12\/42298307372_bcd415fd6c_k.jpg\" \/>\n<meta name=\"twitter:card\" content=\"summary_large_image\" \/>\n<meta name=\"twitter:label1\" content=\"Gesch\u00e4tzte Lesezeit\" \/>\n\t<meta name=\"twitter:data1\" content=\"1\u00a0Minute\" \/>\n\t<meta name=\"twitter:label2\" content=\"Written by\" \/>\n\t<meta name=\"twitter:data2\" content=\"Thimoo\" \/>\n<script type=\"application\/ld+json\" class=\"yoast-schema-graph\">{\"@context\":\"https:\/\/schema.org\",\"@graph\":[{\"@type\":\"WebPage\",\"@id\":\"https:\/\/iqri.org\/de\/nachrichten\/\",\"url\":\"https:\/\/iqri.org\/de\/nachrichten\/\",\"name\":\"Nachrichten - IQRI.org\",\"isPartOf\":{\"@id\":\"https:\/\/iqri.org\/de\/#website\"},\"primaryImageOfPage\":{\"@id\":\"https:\/\/iqri.org\/de\/nachrichten\/#primaryimage\"},\"image\":{\"@id\":\"https:\/\/iqri.org\/de\/nachrichten\/#primaryimage\"},\"thumbnailUrl\":\"https:\/\/dev.iqri.org\/wp-content\/uploads\/2023\/12\/42298307372_bcd415fd6c_k.jpg\",\"datePublished\":\"2018-07-17T12:14:22+00:00\",\"dateModified\":\"2026-03-26T13:03:05+00:00\",\"breadcrumb\":{\"@id\":\"https:\/\/iqri.org\/de\/nachrichten\/#breadcrumb\"},\"inLanguage\":\"de\",\"potentialAction\":[{\"@type\":\"ReadAction\",\"target\":[\"https:\/\/iqri.org\/de\/nachrichten\/\"]}]},{\"@type\":\"ImageObject\",\"inLanguage\":\"de\",\"@id\":\"https:\/\/iqri.org\/de\/nachrichten\/#primaryimage\",\"url\":\"https:\/\/dev.iqri.org\/wp-content\/uploads\/2023\/12\/42298307372_bcd415fd6c_k.jpg\",\"contentUrl\":\"https:\/\/dev.iqri.org\/wp-content\/uploads\/2023\/12\/42298307372_bcd415fd6c_k.jpg\"},{\"@type\":\"BreadcrumbList\",\"@id\":\"https:\/\/iqri.org\/de\/nachrichten\/#breadcrumb\",\"itemListElement\":[{\"@type\":\"ListItem\",\"position\":1,\"name\":\"Accueil\",\"item\":\"https:\/\/iqri.org\/de\/startseite\/\"},{\"@type\":\"ListItem\",\"position\":2,\"name\":\"Nachrichten\"}]},{\"@type\":\"WebSite\",\"@id\":\"https:\/\/iqri.org\/de\/#website\",\"url\":\"https:\/\/iqri.org\/de\/\",\"name\":\"IQRI.org\",\"description\":\"Institut pour les Questions Relatives \u00e0 l\u2019Islam\",\"potentialAction\":[{\"@type\":\"SearchAction\",\"target\":{\"@type\":\"EntryPoint\",\"urlTemplate\":\"https:\/\/iqri.org\/de\/?s={search_term_string}\"},\"query-input\":{\"@type\":\"PropertyValueSpecification\",\"valueRequired\":true,\"valueName\":\"search_term_string\"}}],\"inLanguage\":\"de\"}]}<\/script>\n<!-- \/ Yoast SEO plugin. -->","yoast_head_json":{"title":"Nachrichten - IQRI.org","robots":{"index":"index","follow":"follow","max-snippet":"max-snippet:-1","max-image-preview":"max-image-preview:large","max-video-preview":"max-video-preview:-1"},"canonical":"https:\/\/iqri.org\/de\/nachrichten\/","og_locale":"de_DE","og_type":"article","og_title":"Nachrichten - IQRI.org","og_description":"Status der Frau | 7. Dezember 2023 Die Diskriminierung der Frau im Koran und in der Sunna Mohammeds ist das Thema, das der Autor dieses Artikels beleuchtet. Wird der Islam sich reformieren k\u00f6nnen? Und welche Rolle werden die Frauen bei dieser Reform spielen, wenn sie denn stattfindet? S\u00e4kularismus &amp; Demokratie | 13. November 2023 Im [&hellip;]","og_url":"https:\/\/iqri.org\/de\/nachrichten\/","og_site_name":"IQRI.org","article_modified_time":"2026-03-26T13:03:05+00:00","og_image":[{"url":"https:\/\/dev.iqri.org\/wp-content\/uploads\/2023\/12\/42298307372_bcd415fd6c_k.jpg","type":"","width":"","height":""}],"twitter_card":"summary_large_image","twitter_misc":{"Gesch\u00e4tzte Lesezeit":"1\u00a0Minute","Written by":"Thimoo"},"schema":{"@context":"https:\/\/schema.org","@graph":[{"@type":"WebPage","@id":"https:\/\/iqri.org\/de\/nachrichten\/","url":"https:\/\/iqri.org\/de\/nachrichten\/","name":"Nachrichten - IQRI.org","isPartOf":{"@id":"https:\/\/iqri.org\/de\/#website"},"primaryImageOfPage":{"@id":"https:\/\/iqri.org\/de\/nachrichten\/#primaryimage"},"image":{"@id":"https:\/\/iqri.org\/de\/nachrichten\/#primaryimage"},"thumbnailUrl":"https:\/\/dev.iqri.org\/wp-content\/uploads\/2023\/12\/42298307372_bcd415fd6c_k.jpg","datePublished":"2018-07-17T12:14:22+00:00","dateModified":"2026-03-26T13:03:05+00:00","breadcrumb":{"@id":"https:\/\/iqri.org\/de\/nachrichten\/#breadcrumb"},"inLanguage":"de","potentialAction":[{"@type":"ReadAction","target":["https:\/\/iqri.org\/de\/nachrichten\/"]}]},{"@type":"ImageObject","inLanguage":"de","@id":"https:\/\/iqri.org\/de\/nachrichten\/#primaryimage","url":"https:\/\/dev.iqri.org\/wp-content\/uploads\/2023\/12\/42298307372_bcd415fd6c_k.jpg","contentUrl":"https:\/\/dev.iqri.org\/wp-content\/uploads\/2023\/12\/42298307372_bcd415fd6c_k.jpg"},{"@type":"BreadcrumbList","@id":"https:\/\/iqri.org\/de\/nachrichten\/#breadcrumb","itemListElement":[{"@type":"ListItem","position":1,"name":"Accueil","item":"https:\/\/iqri.org\/de\/startseite\/"},{"@type":"ListItem","position":2,"name":"Nachrichten"}]},{"@type":"WebSite","@id":"https:\/\/iqri.org\/de\/#website","url":"https:\/\/iqri.org\/de\/","name":"IQRI.org","description":"Institut pour les Questions Relatives \u00e0 l\u2019Islam","potentialAction":[{"@type":"SearchAction","target":{"@type":"EntryPoint","urlTemplate":"https:\/\/iqri.org\/de\/?s={search_term_string}"},"query-input":{"@type":"PropertyValueSpecification","valueRequired":true,"valueName":"search_term_string"}}],"inLanguage":"de"}]}},"_links":{"self":[{"href":"https:\/\/iqri.org\/de\/wp-json\/wp\/v2\/pages\/39983","targetHints":{"allow":["GET"]}}],"collection":[{"href":"https:\/\/iqri.org\/de\/wp-json\/wp\/v2\/pages"}],"about":[{"href":"https:\/\/iqri.org\/de\/wp-json\/wp\/v2\/types\/page"}],"author":[{"embeddable":true,"href":"https:\/\/iqri.org\/de\/wp-json\/wp\/v2\/users\/1"}],"replies":[{"embeddable":true,"href":"https:\/\/iqri.org\/de\/wp-json\/wp\/v2\/comments?post=39983"}],"version-history":[{"count":1,"href":"https:\/\/iqri.org\/de\/wp-json\/wp\/v2\/pages\/39983\/revisions"}],"predecessor-version":[{"id":40236,"href":"https:\/\/iqri.org\/de\/wp-json\/wp\/v2\/pages\/39983\/revisions\/40236"}],"wp:attachment":[{"href":"https:\/\/iqri.org\/de\/wp-json\/wp\/v2\/media?parent=39983"}],"wp:term":[{"taxonomy":"author","embeddable":true,"href":"https:\/\/iqri.org\/de\/wp-json\/wp\/v2\/coauthors?post=39983"}],"curies":[{"name":"wp","href":"https:\/\/api.w.org\/{rel}","templated":true}]}}